{"id":223,"date":"2020-05-28T16:49:58","date_gmt":"2020-05-28T16:49:58","guid":{"rendered":"https:\/\/www.pohodovka.cz\/?page_id=223"},"modified":"2023-07-14T11:20:38","modified_gmt":"2023-07-14T11:20:38","slug":"obsazeni","status":"publish","type":"page","link":"https:\/\/www.pohodovka.cz\/?page_id=223","title":{"rendered":"Obsazen\u00ed"},"content":{"rendered":"<h1 style=\"text-align: center;\"><span style=\"color: #ff0000;\">STRA\u0160ICK\u00c1 POHODOVKA<\/span><\/h1>\n<p><img loading=\"lazy\" decoding=\"async\" class=\"aligncenter wp-image-228\" src=\"http:\/\/www.pohodovka.cz\/wp-content\/uploads\/2020\/05\/5-300x200.jpg\" alt=\"\" width=\"790\" height=\"527\" srcset=\"https:\/\/www.pohodovka.cz\/wp-content\/uploads\/2020\/05\/5-300x200.jpg 300w, https:\/\/www.pohodovka.cz\/wp-content\/uploads\/2020\/05\/5-768x512.jpg 768w, https:\/\/www.pohodovka.cz\/wp-content\/uploads\/2020\/05\/5-1024x683.jpg 1024w, https:\/\/www.pohodovka.cz\/wp-content\/uploads\/2020\/05\/5-1200x800.jpg 1200w\" sizes=\"auto, (max-width: 790px) 85vw, 790px\" \/><\/p>\n<h1><strong><span style=\"color: #ff0000;\">Ivo\u0161<\/span><\/strong><\/h1>\n<p><img loading=\"lazy\" decoding=\"async\" class=\"alignleft wp-image-231 size-medium\" src=\"http:\/\/www.pohodovka.cz\/wp-content\/uploads\/2020\/05\/9-295x300.jpg\" alt=\"\" width=\"295\" height=\"300\" srcset=\"https:\/\/www.pohodovka.cz\/wp-content\/uploads\/2020\/05\/9-295x300.jpg 295w, https:\/\/www.pohodovka.cz\/wp-content\/uploads\/2020\/05\/9-768x781.jpg 768w, https:\/\/www.pohodovka.cz\/wp-content\/uploads\/2020\/05\/9-1007x1024.jpg 1007w, https:\/\/www.pohodovka.cz\/wp-content\/uploads\/2020\/05\/9-1200x1220.jpg 1200w\" sizes=\"auto, (max-width: 295px) 85vw, 295px\" \/><strong>Ivo \u010cerm\u00e1k &#8211; bic\u00ed<\/strong><\/p>\n<p>Na facebooku ho najdete pod jm\u00e9nem &#8222;Ivo\u0161 Pohodovka&#8220;. To proto, \u017ee on je spolu s Mil\u00e1nkem du\u0161\u00ed cel\u00e9 kapely. V jeho hlav\u011b ten n\u00e1pad vznikl a d\u00edky jeho tvrdohlavosti, vytrvalosti, odvaze, p\u00edli a organiza\u010dn\u00edm schopnostem kapela v roce 2011 vznikla. <i>Buben\u00edk dod\u00e1v\u00e1 svou hrou ka\u017ed\u00e9 skladb\u011b n\u00e1ladu. V\u00fdb\u011br tempa je na n\u011bm a od tempa se odv\u00edj\u00ed celkov\u00fd dojem p\u0159i p\u0159ednesu skladby. Do bubn\u016f se d\u00e1 ml\u00e1tit, nebo na n\u011b hr\u00e1t. A Ivo\u0161 se s nimi doslova mazl\u00ed. Ka\u017ed\u00e9 pohlazen\u00ed bubnu pali\u010dkou je odm\u011bn\u011bno t\u00edm spr\u00e1vn\u00fdm zvukem s pat\u0159i\u010dnou silou, barvou, razanc\u00ed, jemnost\u00ed,&#8230;.. Bez n\u011bj by Pohodovka nebyla Pohodovkou.<\/i><\/p>\n<h1><span style=\"color: #ff0000;\">Mil\u00e1nek<\/span><\/h1>\n<p><strong><span style=\"color: #000000;\">Milan Polomsk\u00fd-tuba, basov\u00e1 kytara<\/span><\/strong><img loading=\"lazy\" decoding=\"async\" class=\"size-medium wp-image-234 alignleft\" src=\"http:\/\/www.pohodovka.cz\/wp-content\/uploads\/2020\/05\/12-284x300.jpg\" alt=\"\" width=\"284\" height=\"300\" srcset=\"https:\/\/www.pohodovka.cz\/wp-content\/uploads\/2020\/05\/12-284x300.jpg 284w, https:\/\/www.pohodovka.cz\/wp-content\/uploads\/2020\/05\/12.jpg 611w\" sizes=\"auto, (max-width: 284px) 85vw, 284px\" \/><\/p>\n<p>Mil\u00e1nek je sice chlap jako hora, ale \u0159\u00edk\u00e1me mu Mil\u00e1nku, proto\u017ee tohle osloven\u00ed pln\u011b odpov\u00edd\u00e1 jeho povaze. Je to \u00fa\u017easn\u00fd \u010dlov\u011bk. Kamar\u00e1d, jeho\u017e laskavost a \u017eivotn\u00ed moudrost obohacuje ka\u017ed\u00e9ho, s k\u00fdm se d\u00e1 do \u0159e\u010di. Nezkaz\u00ed \u017e\u00e1dnou legraci a je bezednou studnic\u00ed hl\u00e1\u0161ek o j\u00eddle. <i>\u017de basa tvrd\u00ed muziku, je v\u0161eobecn\u011b zn\u00e1mou pravdou. Z\u00e1le\u017e\u00ed ov\u0161em na tom, kdo za n\u00ed sed\u00ed. T\u00f3ny tuby musej\u00ed b\u00fdt \u010dist\u00e9, konkr\u00e9tn\u00ed a toho doc\u00edlit, nen\u00ed jednoduch\u00e9. N\u00e1\u0161 Mil\u00e1nek ji strk\u00e1 s lehkost\u00ed a eleganc\u00ed. A ve skladb\u00e1ch, do kter\u00fdch se tuba nehod\u00ed,&nbsp; s \u00fasm\u011bvem proh\u00e1n\u00ed basovou kytaru. Bez n\u011bj by taky nemohla b\u00fdt Pohodovka Pohodovkou.&nbsp;<\/i><\/p>\n<h1><span style=\"color: #ff0000;\">Ondra<\/span><\/h1>\n<p><img loading=\"lazy\" decoding=\"async\" class=\"size-medium wp-image-229 alignleft\" src=\"http:\/\/www.pohodovka.cz\/wp-content\/uploads\/2020\/05\/6-263x300.jpg\" alt=\"\" width=\"263\" height=\"300\" srcset=\"https:\/\/www.pohodovka.cz\/wp-content\/uploads\/2020\/05\/6-263x300.jpg 263w, https:\/\/www.pohodovka.cz\/wp-content\/uploads\/2020\/05\/6-768x876.jpg 768w, https:\/\/www.pohodovka.cz\/wp-content\/uploads\/2020\/05\/6-898x1024.jpg 898w, https:\/\/www.pohodovka.cz\/wp-content\/uploads\/2020\/05\/6-1200x1369.jpg 1200w\" sizes=\"auto, (max-width: 263px) 85vw, 263px\" \/><strong>Ond\u0159ej \u0158\u00edmek &#8211; akordeon, heligonka, kl\u00e1vesov\u00e9 n\u00e1stroje<\/strong><\/p>\n<p>N\u011bkdo se muzikantem u\u017e narod\u00ed, jin\u00fd se j\u00edm stane po dlouh\u00e9m a urputn\u00e9m studiu a n\u011bkdo, jako n\u00e1\u0161 Ondra, m\u00e1 to \u0161t\u011bst\u00ed, \u017ee se u n\u011bj se\u0161lo v\u0161echno, co z \u010dlov\u011bka d\u011bl\u00e1 Muzikanta s velk\u00fdm &#8222;M&#8220;.Ondra m\u00e1 nad\u00e1n\u00ed, vzd\u011bl\u00e1n\u00ed (plze\u0148skou konzervato\u0159), cit, ovl\u00e1d\u00e1 techniku, harmonii, p\u00ed\u0161e aran\u017ee a je\u0161t\u011b u se u toho sta\u010d\u00ed usm\u00edvat. <i>Chv\u00e1lit bleskurychl\u00e9 prsty Ondry \u0158\u00edmka poletuj\u00edc\u00ed s neuv\u011b\u0159itelnou lehkost\u00ed a eleganc\u00ed po klapk\u00e1ch n\u00e1stroje, by bylo no\u0161en\u00edm d\u0159\u00edv\u00ed do lesa. Dod\u00e1vaj\u00ed zvuku kapely tu spr\u00e1vnou hustotu v p\u0159izn\u00e1vce a v s\u00f3lov\u00fdch pas\u00e1\u017e\u00edch a skladb\u00e1ch \u010dasto vyvol\u00e1vaj\u00ed bou\u0159liv\u00e9 ovace u publika. Bez Ondry by nebyla Pohodovka Pohodovkou.<\/i><\/p>\n<h1><span style=\"color: #ff0000;\">Jaryn<\/span><\/h1>\n<p><img loading=\"lazy\" decoding=\"async\" class=\"size-medium wp-image-232 alignleft\" src=\"http:\/\/www.pohodovka.cz\/wp-content\/uploads\/2020\/05\/10-286x300.jpg\" alt=\"\" width=\"286\" height=\"300\" srcset=\"https:\/\/www.pohodovka.cz\/wp-content\/uploads\/2020\/05\/10-286x300.jpg 286w, https:\/\/www.pohodovka.cz\/wp-content\/uploads\/2020\/05\/10.jpg 542w\" sizes=\"auto, (max-width: 286px) 85vw, 286px\" \/><strong>Jaroslav Pra\u017ean &#8211; trubka, k\u0159\u00eddlovka<\/strong><\/p>\n<p>V Jardovi se jeden nevyzn\u00e1. Jmenuje se Pra\u017ean, poch\u00e1z\u00ed z Pardubic, bydl\u00ed v Rokycanech, pracuje v Plzni a hraje ve Stra\u0161ic\u00edch s Pohodovkou! \ud83e\udd23 Je to nejen vynikaj\u00edc\u00ed trumpetista, kter\u00e9ho si pova\u017euj\u00ed a od n\u00e1s p\u016fj\u010duj\u00ed&nbsp; i jin\u00e9 kapely, ale i prima par\u0165\u00e1k, kter\u00fd je pro ka\u017edou legraci. A pokud na Rokycansku potk\u00e1te motork\u00e1\u0159e s t\u00edmto \u00fasm\u011bvem, pak v\u011bzte &#8211; je to on!&nbsp; <i>Jarda Pra\u017ean svou k\u0159\u00eddlovkou i trubkou zvuk kapely p\u0159iost\u0159uje a s\u00f3lov\u00e9 party p\u0159edn\u00e1\u0161\u00ed tak, \u017ee \u010dasto skl\u00edz\u00ed potlesk na otev\u0159en\u00e9 sc\u00e9n\u011b. Bez Jaryna by taky Pohodovka nebyla Pohodovkou.<\/i><\/p>\n<h1><span style=\"color: #ff0000;\">Rohl\u00edk<\/span><\/h1>\n<p><strong><span style=\"color: #000000;\"><img loading=\"lazy\" decoding=\"async\" class=\"size-medium wp-image-233 alignleft\" src=\"http:\/\/www.pohodovka.cz\/wp-content\/uploads\/2020\/05\/11-292x300.jpg\" alt=\"\" width=\"292\" height=\"300\" srcset=\"https:\/\/www.pohodovka.cz\/wp-content\/uploads\/2020\/05\/11-292x300.jpg 292w, https:\/\/www.pohodovka.cz\/wp-content\/uploads\/2020\/05\/11.jpg 547w\" sizes=\"auto, (max-width: 292px) 85vw, 292px\" \/>Ji\u0159\u00ed Roll &#8211; trubka, k\u0159\u00eddlovka<\/span><\/strong><\/p>\n<p>Jirk\u016fv nen\u00e1padn\u00fd \u00fasm\u011bv jakoby nazna\u010doval, \u017ee m\u00e1 za lubem n\u011bjakou \u010dertovinu. Na prvn\u00ed pohled p\u016fsob\u00ed nesm\u011ble, ale v kapele taky nezkaz\u00ed \u017e\u00e1dnou legraci.&nbsp; Kdy\u017e p\u0159i\u0161el do kapely poprv\u00e9 a s Jarynem zahr\u00e1li dvojhlasn\u011b mezihru ve sv\u011btozn\u00e1m\u00e9 Something stupid, b\u011bhal mi p\u0159\u00edjemn\u00fd mr\u00e1z po z\u00e1dech. A b\u011bh\u00e1 dodnes. <i>Samoz\u0159ejm\u011b perfektn\u011b lad\u00edc\u00ed dvojhlasy v trumpetov\u00e9 sekci, kter\u00e9 jsou z\u00e1sluhou Jirky Rolla, tak\u00e9 d\u011blaj\u00ed Pohodovku Pohodovkou.&nbsp;<\/i><\/p>\n<p>&nbsp;<\/p>\n<h1><span style=\"color: #ff0000;\">\u0160\u00e1\u0161a&nbsp;<\/span><\/h1>\n<p><img loading=\"lazy\" decoding=\"async\" class=\"size-medium wp-image-225 alignleft\" src=\"http:\/\/www.pohodovka.cz\/wp-content\/uploads\/2020\/05\/2-1-296x300.jpg\" alt=\"\" width=\"296\" height=\"300\" srcset=\"https:\/\/www.pohodovka.cz\/wp-content\/uploads\/2020\/05\/2-1-296x300.jpg 296w, https:\/\/www.pohodovka.cz\/wp-content\/uploads\/2020\/05\/2-1.jpg 462w\" sizes=\"auto, (max-width: 296px) 85vw, 296px\" \/><strong>Martin \u0160a\u0161ek &#8211; tenor, trombon<\/strong><\/p>\n<p>Pro \u0160\u00e1\u0161u je hudba ka\u017edodenn\u00edm chlebem. Jako jeden z m\u00e1la \u010dlen\u016f kapely (spolu s Ondrou) se hudbou \u017eiv\u00ed. A\u0165 u\u017e jako \u010dlen orchestru divadla Josefa Kajet\u00e1na Tyla, \u010di vyu\u010duj\u00edc\u00ed na ZU\u0160 Terezie Brzkov\u00e9 v Plzni. Nev\u00edme sice s jak\u00fdm \u00famyslem do Pohodovky p\u0159i\u0161el. Zda s chut\u00ed zahr\u00e1t si s n\u00e1mi, nebo zde naj\u00edt d\u00edvku sv\u00e9ho srdce. V ka\u017ed\u00e9m p\u0159\u00edpad\u011b se mu da\u0159\u00ed oboj\u00ed. <em>Tak jako Mil\u00e1nek st\u0159\u00edd\u00e1 tubu s basovou kytarou, podle charakteru skladby st\u0159\u00edd\u00e1 n\u00e1stroje i Martin. Do dechovky pat\u0159\u00ed sametov\u00fd zvuk tenoru a na skladby jin\u00fdch \u017e\u00e1nr\u016f se&nbsp; hod\u00ed barva t\u00f3nu, kv\u016fli kter\u00e9 podstupuje t\u011blocvik se sni\u017ecem trombonu. Bez n\u011bj by taky Pohodovka nebyla t\u00edm, \u010d\u00edm je.<\/em><\/p>\n<h1><span style=\"color: #ff0000;\">Bratr Petr<\/span><\/h1>\n<p><img loading=\"lazy\" decoding=\"async\" class=\"size-medium wp-image-224 alignleft\" src=\"http:\/\/www.pohodovka.cz\/wp-content\/uploads\/2020\/05\/1-1-298x300.jpg\" alt=\"\" width=\"298\" height=\"300\" srcset=\"https:\/\/www.pohodovka.cz\/wp-content\/uploads\/2020\/05\/1-1-298x300.jpg 298w, https:\/\/www.pohodovka.cz\/wp-content\/uploads\/2020\/05\/1-1-150x150.jpg 150w, https:\/\/www.pohodovka.cz\/wp-content\/uploads\/2020\/05\/1-1-768x772.jpg 768w, https:\/\/www.pohodovka.cz\/wp-content\/uploads\/2020\/05\/1-1-1018x1024.jpg 1018w, https:\/\/www.pohodovka.cz\/wp-content\/uploads\/2020\/05\/1-1-1200x1207.jpg 1200w\" sizes=\"auto, (max-width: 298px) 85vw, 298px\" \/><strong>Petr \u010cerm\u00e1k -baryton, trombon<\/strong><\/p>\n<p>Ne \u017ee by byl Petr \u010dlenem n\u011bjak\u00e9ho \u0159eholn\u00edho \u0159\u00e1du, \u010di bratrstva. To ne. Je ale bratrem na\u0161eho buben\u00edka a proto\u017ee se ob\u010das u kapely objev\u00ed i jin\u00fd Petr, tak aby v tom bylo jasno. Bratr pro\u0161el tvrdou vojenskou \u0161kolou u pos\u00e1dkov\u00e9 hudby v Karlov\u00fdch Varech a tak si te\u010f u\u017e\u00edv\u00e1 pohodu p\u0159i pohodov\u00e9m hran\u00ed s Pohodovkou.&nbsp;<em> Kdy\u017e spolu se \u0160\u00e1\u0161ou rozezn\u00ed sv\u00e9 bask\u0159\u00eddlovky, pohlad\u00ed to nejen u\u0161i, ale i du\u0161i.<\/em> <em>A stejn\u011b jako ostatn\u00ed \u010dlenov\u00e9 kapely, i<\/em><em> Bratr m\u00e1 v kapele sv\u00e9 m\u00edsto a ani bez n\u011bj by Pohodovka nebyla Pohodovkou.<\/em><\/p>\n<p>&nbsp;<\/p>\n<h1><span style=\"color: #ff0000;\">Barunka &amp; <\/span><span style=\"color: #ff0000;\">Mar\u0165as<\/span><\/h1>\n<p><img loading=\"lazy\" decoding=\"async\" class=\"size-medium wp-image-245 alignleft\" src=\"http:\/\/www.pohodovka.cz\/wp-content\/uploads\/2020\/05\/4a-300x233.jpg\" alt=\"\" width=\"300\" height=\"233\" srcset=\"https:\/\/www.pohodovka.cz\/wp-content\/uploads\/2020\/05\/4a-300x233.jpg 300w, https:\/\/www.pohodovka.cz\/wp-content\/uploads\/2020\/05\/4a-768x595.jpg 768w, https:\/\/www.pohodovka.cz\/wp-content\/uploads\/2020\/05\/4a-1024x794.jpg 1024w, https:\/\/www.pohodovka.cz\/wp-content\/uploads\/2020\/05\/4a-1200x930.jpg 1200w\" sizes=\"auto, (max-width: 300px) 85vw, 300px\" \/><strong>Martin Heny\u0161&nbsp;&amp; B\u00e1ra Heny\u0161ov\u00e1 (od 8.8.2020 \u0160a\u0161kov\u00e1)- vocal&nbsp;<\/strong><\/p>\n<p>Kdy\u017e se B\u00e1ra s&nbsp; Martinem&nbsp; poprv\u00e9 setkali s Pohodovkou, m\u011bli kluci p\u0159ed sebou pevn\u011b dan\u00fd term\u00edn prvn\u00edho koncertu, ale v kapele nebyl nikdo, kdo by si stoupl za zp\u011bv\u00e1ck\u00fd mikrofon. Ivo\u0161 tedy obvol\u00e1val v\u0161echny zn\u00e1m\u00e9 a Mar\u0165as s B\u00e1rou zasko\u010dili. Martin, aby splatil Ivo\u0161ovi star\u00fd dluh a B\u00e1ra s \u00famyslem zkusit zase n\u011bco nov\u00e9ho.&nbsp; &nbsp;Dnes u\u017e oba pat\u0159\u00ed do st\u00e1l\u00e9ho k\u00e1dru Pohodovky a to nejen jako zp\u011bv\u00e1ci. Mar\u0165as prov\u00e1z\u00ed vystoupen\u00ed mluven\u00fdm slovem a Barunka je ozdobou a talismanem kapely. Ani bez t\u00e9to dvojice by Pohodovka nebyla tou Pohodovkou, kterou poslucha\u010di znaj\u00ed.<\/p>\n<p>&nbsp; &nbsp; &nbsp; &nbsp; &nbsp; Jist\u011b, ka\u017ed\u00fd \u010dlen kapely je nahraditeln\u00fd. Ale tahle parta nejl\u00e9pe funguje jako celek. Jak je patrn\u00e9 z profil\u016f jednotliv\u00fdch \u010dlen\u016f kapely, ka\u017ed\u00fd je jin\u00fd. Ka\u017ed\u00fd je osobnost\u00ed, kter\u00e1 do kapely d\u00e1v\u00e1 kus sebe sam\u00e9ho, kus sv\u00e9ho j\u00e1.&nbsp; Ka\u017ed\u00fd tedy p\u00edsni\u010dky jinak vn\u00edm\u00e1, c\u00edt\u00ed, pro\u017e\u00edv\u00e1 a podle toho i interpretuje. A tohle v\u0161echno dohromady do sebe v kapele zapad\u00e1 jako kosti\u010dky lega. Tito lid\u00e9 jsou Pohodovka. Takov\u00e1, jak\u00e1 je, takovou, jakou zn\u00e1te a snad i m\u00e1te r\u00e1di.<\/p>\n<p><span style=\"color: #ff0000; font-size: 33px; font-weight: 900;\">Jarda<\/span><\/p>\n<p><img loading=\"lazy\" decoding=\"async\" class=\"size-medium wp-image-330 alignleft\" src=\"http:\/\/www.pohodovka.cz\/wp-content\/uploads\/2020\/06\/14-300x269.jpg\" alt=\"\" width=\"300\" height=\"269\" srcset=\"https:\/\/www.pohodovka.cz\/wp-content\/uploads\/2020\/06\/14-300x269.jpg 300w, https:\/\/www.pohodovka.cz\/wp-content\/uploads\/2020\/06\/14.jpg 374w\" sizes=\"auto, (max-width: 300px) 85vw, 300px\" \/><\/p>\n<p>Jaroslav Posp\u00ed\u0161il&nbsp; &#8211; zvuk<\/p>\n<p>N\u011bkdy to sice p\u0159ed vystoupen\u00edm Pohodovky vypad\u00e1, jako kdy\u017e se chyst\u00e1 rockov\u00fd koncert. Bedny, \u0161\u0148\u016fry, zesilova\u010de, nap\u00e1jec\u00ed kabel jako kdy\u017e p\u0159ijeli Stouni&#8230;. Ka\u017edej prd se&nbsp; v kapele mus\u00ed nazvu\u010dit. Ale v\u00fdsledek?&nbsp; V\u0161ichni jsou sly\u0161et, jak se pat\u0159\u00ed. N\u011bkdy v\u00edc, n\u011bkdy m\u00ed\u0148. Zkr\u00e1tka tak, jak to m\u00e1 b\u00fdt. S\u00f3lov\u00e9 n\u00e1stroje s trochou echa, halu, nebo kdov\u00ed\u010deho je\u0161t\u011b, ale pr\u00e1v\u011b d\u00edky tomu m\u00e1 ten zvuk &#8222;\u0161t\u00e1bn\u00ed kulturu&#8220;.&nbsp; N\u011bkter\u00e9 dechovky dosud hrajou na apar\u00e1ty z \u0161edes\u00e1t\u00fdch let minul\u00e9ho stolet\u00ed, zvu\u010d\u00ed jen zp\u011bvy, klarinety a&nbsp; n\u011bkdy tubu. Potom se ale muzikanti m\u016f\u017eou ud\u0159\u00edt a kloudn\u00fd zvuk&nbsp; &nbsp; &nbsp; &nbsp; &nbsp; &nbsp; &nbsp; &nbsp; &nbsp; &nbsp; &nbsp; &nbsp; &nbsp; &nbsp; &nbsp; &nbsp; &nbsp; &nbsp; &nbsp; &nbsp; &nbsp; &nbsp; &nbsp; &nbsp; &nbsp; &nbsp; &nbsp; &nbsp; &nbsp; &nbsp; &nbsp; &nbsp; &nbsp; &nbsp; &nbsp; &nbsp; &nbsp; &nbsp; &nbsp; &nbsp; &nbsp; &nbsp; &nbsp; &nbsp; &nbsp;z kapely nepoleze. A i&nbsp; vo, vo, vo tom to je! Proto i Jarda m\u00e1 v&nbsp; &nbsp; &nbsp; &nbsp; &nbsp; &nbsp; &nbsp; &nbsp; &nbsp; &nbsp; &nbsp; &nbsp; &nbsp; &nbsp; &nbsp; &nbsp; &nbsp; &nbsp; &nbsp; &nbsp; &nbsp; &nbsp; &nbsp; &nbsp; &nbsp; &nbsp; &nbsp; &nbsp; &nbsp; &nbsp; &nbsp; &nbsp; &nbsp; &nbsp; &nbsp; &nbsp; &nbsp; &nbsp; &nbsp; &nbsp; &nbsp; &nbsp; &nbsp; &nbsp; &nbsp; &nbsp; &nbsp; &nbsp; &nbsp;Pohodovce sv\u00e9 pevn\u00e9 m\u00edsto.&nbsp;<\/p>\n","protected":false},"excerpt":{"rendered":"<p>STRA\u0160ICK\u00c1 POHODOVKA Ivo\u0161 Ivo \u010cerm\u00e1k &#8211; bic\u00ed Na facebooku ho najdete pod jm\u00e9nem &#8222;Ivo\u0161 Pohodovka&#8220;. To proto, \u017ee on je spolu s Mil\u00e1nkem du\u0161\u00ed cel\u00e9 kapely. V jeho hlav\u011b ten n\u00e1pad vznikl a d\u00edky jeho tvrdohlavosti, vytrvalosti, odvaze, p\u00edli a organiza\u010dn\u00edm schopnostem kapela v roce 2011 vznikla. Buben\u00edk dod\u00e1v\u00e1 svou hrou ka\u017ed\u00e9 skladb\u011b n\u00e1ladu. V\u00fdb\u011br &hellip; <a href=\"https:\/\/www.pohodovka.cz\/?page_id=223\" class=\"more-link\">Pokra\u010dovat ve \u010dten\u00ed<span class=\"screen-reader-text\"> &#8222;Obsazen\u00ed&#8220;<\/span><\/a><\/p>\n","protected":false},"author":2,"featured_media":0,"parent":0,"menu_order":0,"comment_status":"closed","ping_status":"closed","template":"","meta":{"ngg_post_thumbnail":0,"footnotes":""},"class_list":["post-223","page","type-page","status-publish","hentry"],"yoast_head":"<!-- This site is optimized with the Yoast SEO plugin v21.2 - https:\/\/yoast.com\/wordpress\/plugins\/seo\/ -->\n<title>Obsazen\u00ed &#8211; Stra\u0161ick\u00e1 Pohodovka<\/title>\n<meta name=\"robots\" content=\"index, follow, max-snippet:-1, max-image-preview:large, max-video-preview:-1\" \/>\n<link rel=\"canonical\" href=\"https:\/\/www.pohodovka.cz\/?page_id=223\" \/>\n<meta property=\"og:locale\" content=\"cs_CZ\" \/>\n<meta property=\"og:type\" content=\"article\" \/>\n<meta property=\"og:title\" content=\"Obsazen\u00ed &#8211; Stra\u0161ick\u00e1 Pohodovka\" \/>\n<meta property=\"og:description\" content=\"STRA\u0160ICK\u00c1 POHODOVKA Ivo\u0161 Ivo \u010cerm\u00e1k &#8211; bic\u00ed Na facebooku ho najdete pod jm\u00e9nem &#8222;Ivo\u0161 Pohodovka&#8220;. To proto, \u017ee on je spolu s Mil\u00e1nkem du\u0161\u00ed cel\u00e9 kapely. V jeho hlav\u011b ten n\u00e1pad vznikl a d\u00edky jeho tvrdohlavosti, vytrvalosti, odvaze, p\u00edli a organiza\u010dn\u00edm schopnostem kapela v roce 2011 vznikla. Buben\u00edk dod\u00e1v\u00e1 svou hrou ka\u017ed\u00e9 skladb\u011b n\u00e1ladu. V\u00fdb\u011br &hellip; Pokra\u010dovat ve \u010dten\u00ed &quot;Obsazen\u00ed&quot;\" \/>\n<meta property=\"og:url\" content=\"https:\/\/www.pohodovka.cz\/?page_id=223\" \/>\n<meta property=\"og:site_name\" content=\"Stra\u0161ick\u00e1 Pohodovka\" \/>\n<meta property=\"article:publisher\" content=\"https:\/\/www.facebook.com\/Pohodovka-202107323139633\/\" \/>\n<meta property=\"article:modified_time\" content=\"2023-07-14T11:20:38+00:00\" \/>\n<meta property=\"og:image\" content=\"http:\/\/www.pohodovka.cz\/wp-content\/uploads\/2020\/05\/5-300x200.jpg\" \/>\n<meta name=\"twitter:card\" content=\"summary_large_image\" \/>\n<meta name=\"twitter:label1\" content=\"Odhadovan\u00e1 doba \u010dten\u00ed\" \/>\n\t<meta name=\"twitter:data1\" content=\"8 minut\" \/>\n<script type=\"application\/ld+json\" class=\"yoast-schema-graph\">{\"@context\":\"https:\/\/schema.org\",\"@graph\":[{\"@type\":\"WebPage\",\"@id\":\"https:\/\/www.pohodovka.cz\/?page_id=223\",\"url\":\"https:\/\/www.pohodovka.cz\/?page_id=223\",\"name\":\"Obsazen\u00ed &#8211; Stra\u0161ick\u00e1 Pohodovka\",\"isPartOf\":{\"@id\":\"https:\/\/www.pohodovka.cz\/#website\"},\"datePublished\":\"2020-05-28T16:49:58+00:00\",\"dateModified\":\"2023-07-14T11:20:38+00:00\",\"breadcrumb\":{\"@id\":\"https:\/\/www.pohodovka.cz\/?page_id=223#breadcrumb\"},\"inLanguage\":\"cs\",\"potentialAction\":[{\"@type\":\"ReadAction\",\"target\":[\"https:\/\/www.pohodovka.cz\/?page_id=223\"]}]},{\"@type\":\"BreadcrumbList\",\"@id\":\"https:\/\/www.pohodovka.cz\/?page_id=223#breadcrumb\",\"itemListElement\":[{\"@type\":\"ListItem\",\"position\":1,\"name\":\"Dom\u016f\",\"item\":\"https:\/\/www.pohodovka.cz\/\"},{\"@type\":\"ListItem\",\"position\":2,\"name\":\"Obsazen\u00ed\"}]},{\"@type\":\"WebSite\",\"@id\":\"https:\/\/www.pohodovka.cz\/#website\",\"url\":\"https:\/\/www.pohodovka.cz\/\",\"name\":\"Stra\u0161ick\u00e1 Pohodovka\",\"description\":\"\",\"potentialAction\":[{\"@type\":\"SearchAction\",\"target\":{\"@type\":\"EntryPoint\",\"urlTemplate\":\"https:\/\/www.pohodovka.cz\/?s={search_term_string}\"},\"query-input\":\"required name=search_term_string\"}],\"inLanguage\":\"cs\"}]}<\/script>\n<!-- \/ Yoast SEO plugin. -->","yoast_head_json":{"title":"Obsazen\u00ed &#8211; Stra\u0161ick\u00e1 Pohodovka","robots":{"index":"index","follow":"follow","max-snippet":"max-snippet:-1","max-image-preview":"max-image-preview:large","max-video-preview":"max-video-preview:-1"},"canonical":"https:\/\/www.pohodovka.cz\/?page_id=223","og_locale":"cs_CZ","og_type":"article","og_title":"Obsazen\u00ed &#8211; Stra\u0161ick\u00e1 Pohodovka","og_description":"STRA\u0160ICK\u00c1 POHODOVKA Ivo\u0161 Ivo \u010cerm\u00e1k &#8211; bic\u00ed Na facebooku ho najdete pod jm\u00e9nem &#8222;Ivo\u0161 Pohodovka&#8220;. To proto, \u017ee on je spolu s Mil\u00e1nkem du\u0161\u00ed cel\u00e9 kapely. V jeho hlav\u011b ten n\u00e1pad vznikl a d\u00edky jeho tvrdohlavosti, vytrvalosti, odvaze, p\u00edli a organiza\u010dn\u00edm schopnostem kapela v roce 2011 vznikla. Buben\u00edk dod\u00e1v\u00e1 svou hrou ka\u017ed\u00e9 skladb\u011b n\u00e1ladu. V\u00fdb\u011br &hellip; Pokra\u010dovat ve \u010dten\u00ed \"Obsazen\u00ed\"","og_url":"https:\/\/www.pohodovka.cz\/?page_id=223","og_site_name":"Stra\u0161ick\u00e1 Pohodovka","article_publisher":"https:\/\/www.facebook.com\/Pohodovka-202107323139633\/","article_modified_time":"2023-07-14T11:20:38+00:00","og_image":[{"url":"http:\/\/www.pohodovka.cz\/wp-content\/uploads\/2020\/05\/5-300x200.jpg"}],"twitter_card":"summary_large_image","twitter_misc":{"Odhadovan\u00e1 doba \u010dten\u00ed":"8 minut"},"schema":{"@context":"https:\/\/schema.org","@graph":[{"@type":"WebPage","@id":"https:\/\/www.pohodovka.cz\/?page_id=223","url":"https:\/\/www.pohodovka.cz\/?page_id=223","name":"Obsazen\u00ed &#8211; Stra\u0161ick\u00e1 Pohodovka","isPartOf":{"@id":"https:\/\/www.pohodovka.cz\/#website"},"datePublished":"2020-05-28T16:49:58+00:00","dateModified":"2023-07-14T11:20:38+00:00","breadcrumb":{"@id":"https:\/\/www.pohodovka.cz\/?page_id=223#breadcrumb"},"inLanguage":"cs","potentialAction":[{"@type":"ReadAction","target":["https:\/\/www.pohodovka.cz\/?page_id=223"]}]},{"@type":"BreadcrumbList","@id":"https:\/\/www.pohodovka.cz\/?page_id=223#breadcrumb","itemListElement":[{"@type":"ListItem","position":1,"name":"Dom\u016f","item":"https:\/\/www.pohodovka.cz\/"},{"@type":"ListItem","position":2,"name":"Obsazen\u00ed"}]},{"@type":"WebSite","@id":"https:\/\/www.pohodovka.cz\/#website","url":"https:\/\/www.pohodovka.cz\/","name":"Stra\u0161ick\u00e1 Pohodovka","description":"","potentialAction":[{"@type":"SearchAction","target":{"@type":"EntryPoint","urlTemplate":"https:\/\/www.pohodovka.cz\/?s={search_term_string}"},"query-input":"required name=search_term_string"}],"inLanguage":"cs"}]}},"_links":{"self":[{"href":"https:\/\/www.pohodovka.cz\/index.php?rest_route=\/wp\/v2\/pages\/223","targetHints":{"allow":["GET"]}}],"collection":[{"href":"https:\/\/www.pohodovka.cz\/index.php?rest_route=\/wp\/v2\/pages"}],"about":[{"href":"https:\/\/www.pohodovka.cz\/index.php?rest_route=\/wp\/v2\/types\/page"}],"author":[{"embeddable":true,"href":"https:\/\/www.pohodovka.cz\/index.php?rest_route=\/wp\/v2\/users\/2"}],"replies":[{"embeddable":true,"href":"https:\/\/www.pohodovka.cz\/index.php?rest_route=%2Fwp%2Fv2%2Fcomments&post=223"}],"version-history":[{"count":17,"href":"https:\/\/www.pohodovka.cz\/index.php?rest_route=\/wp\/v2\/pages\/223\/revisions"}],"predecessor-version":[{"id":414,"href":"https:\/\/www.pohodovka.cz\/index.php?rest_route=\/wp\/v2\/pages\/223\/revisions\/414"}],"wp:attachment":[{"href":"https:\/\/www.pohodovka.cz\/index.php?rest_route=%2Fwp%2Fv2%2Fmedia&parent=223"}],"curies":[{"name":"wp","href":"https:\/\/api.w.org\/{rel}","templated":true}]}}